{"id":81,"date":"2023-08-29T10:22:57","date_gmt":"2023-08-29T08:22:57","guid":{"rendered":"https:\/\/johanneum.biz\/holzmanufaktur\/?page_id=81"},"modified":"2025-09-15T13:43:03","modified_gmt":"2025-09-15T11:43:03","slug":"holzstelen-grabmale","status":"publish","type":"page","link":"https:\/\/johanneum.biz\/holzmanufaktur\/holzstelen-grabmale\/","title":{"rendered":"Holzstelen &#038; Grabmale"},"content":{"rendered":"\n<p class=\"has-text-align-center\">Traditionell denken wir bei dem<br>Stichwort &#8222;Friedhof&#8220; an Grabsteine<br>oder selten vielleicht auch an Metallkreuze,<br>wie sie besonders in \u00d6sterreich Tradition haben.<br>Aber wieso sollte man diesem Ort, der gleichsam<br>Trauer, Einsamkeit und Verlust bedeutet,<br>nicht ein bisschen mehr W\u00e4rme verleihen?<\/p>\n\n\n\n<p class=\"has-text-align-center\">Wir sind Zeit unseres Lebens von so viel Holz umgeben:<br>Tische, St\u00fchle, Betten, Schr\u00e4nke&#8230;<br>meist (bzw. im besten Fall) aus Holz angefertigt.<\/p>\n\n\n\n<p class=\"has-text-align-center\">Warum ist das so?<\/p>\n\n\n\n<p class=\"has-text-align-center\">Holz strahlt W\u00e4rme und Wohlbehagen aus<br>&#8230;nicht nur beim Verbrennen im Kaminofen&#8230;<br>Holz riecht gut und lebt &#8211; auch wenn der Baum gef\u00e4llt ist,<br>Und unser letztes &#8222;Kischtl&#8220; wird<br>dereinst aus Holz sein.<br>Weshalb sollten wir dann nicht auch <br>den Ort der Traurigkeit mit Holz versch\u00f6nern?<br>Nun gut, Grabmale aus Stein sind sicher pflegeleichter,<br>meist aber auch unpers\u00f6nlicher.<br>Stein hat die l\u00e4ngere Haltbarkeit,<br>aber wie lange besteht eine Grabst\u00e4tte und<br>was geschieht anschlie\u00dfend mit dem Grabstein?<br>Kaum jemand kommt auf die Idee,<br>den Grabstein nach Ablauf der Grabst\u00e4tte<br>auf seinem privaten Grund aufzustellen.<br>Der Tod geh\u00f6rt ja nicht zum Leben,<br>zumindest versuchen die meisten Menschen<br>ihn krampfhaft auszuschlie\u00dfen.<br>Das Grab wird ger\u00e4umt, der Stein abtransportiert,<br>wiederverwertet und wir zahlen auch noch daf\u00fcr&#8230;<br><br>Warum also nicht ein Grabmal aus Holz?<\/p>\n\n\n\n<p class=\"has-text-align-center\">Schlie\u00dflich verwenden wir doch auch <br>im Au\u00dfenbereich immer wieder Holz:<br>Das Baumhaus oder die Spielh\u00fctte f\u00fcr die Kinder,<br>Balkon- und Gartenm\u00f6bel, Z\u00e4une und Gartentore.<br>An Seen oder am Meer,<br>wo noch mehr Wettereinfl\u00fcsse das Holz bearbeiten,<br>sehen wir Holzstege ins Wasser f\u00fchren,<br>Boote und Schiffe, Strandk\u00f6rbe, Bootsh\u00e4user.<br>Venedig ist auf Eichenpf\u00e4hlen gebaut<br>oder nicht so weit entfernt<br>die Pfahlbauten von Unteruhldingen.<\/p>\n\n\n\n<p class=\"has-text-align-center\">Und wir trauen uns nicht an einem Ort,<br>der Trost ausstrahlen sollte,<br>Holzstehlen aufzustellen!?<\/p>\n\n\n\n<p class=\"has-text-align-center\"><em><mark style=\"background-color:rgba(0, 0, 0, 0);color:#827d6a\" class=\"has-inline-color\">Ein paar Mutige gibt es dann aber doch:<\/mark><\/em><br><\/p>\n\n\n\n<p><\/p>\n\n\n\n<div class=\"wp-block-columns is-layout-flex wp-container-core-columns-layout-1 wp-block-columns-is-layout-flex\">\n<div class=\"wp-block-column is-layout-flow wp-block-column-is-layout-flow\" style=\"flex-basis:66.66%\">\n<p><\/p>\n\n\n\n<p><\/p>\n\n\n\n<p>Dieses Grabmal gestaltete ich aus Eichenholz. Das ausgestemmte Herz und die eingefr\u00e4ste Pusteblume stehen f\u00fcr die Liebe und Trauer der hinterbliebenen Familie.<br>Das Leben ist nicht berechenbar, unsere Lebenszeit ist begrenzt und manchmal fliegt sie schneller dahin, als wir es uns w\u00fcnschen. <br>Aber jeder Schirmflieger, tr\u00e4gt eine sch\u00f6ne Erinnerung weiter in sich, t\u00e4nzelt in der Luft neben den Zur\u00fcckgebliebenen und verbindet die Trauernden in Liebe mit ihrem Verstorbenen.<\/p>\n<\/div>\n\n\n\n<div class=\"wp-block-column is-layout-flow wp-block-column-is-layout-flow\" style=\"flex-basis:33.33%\">\n<figure class=\"wp-block-image size-full is-resized\"><img loading=\"lazy\" decoding=\"async\" width=\"768\" height=\"1341\" src=\"https:\/\/johanneum.biz\/holzmanufaktur\/wp-content\/uploads\/sites\/2\/2025\/09\/20250904_1847061.jpg\" alt=\"Grabmal Pusteblume\" class=\"wp-image-854\" style=\"width:211px;height:auto\" srcset=\"https:\/\/johanneum.biz\/holzmanufaktur\/wp-content\/uploads\/sites\/2\/2025\/09\/20250904_1847061.jpg 768w, https:\/\/johanneum.biz\/holzmanufaktur\/wp-content\/uploads\/sites\/2\/2025\/09\/20250904_1847061-172x300.jpg 172w, https:\/\/johanneum.biz\/holzmanufaktur\/wp-content\/uploads\/sites\/2\/2025\/09\/20250904_1847061-586x1024.jpg 586w, https:\/\/johanneum.biz\/holzmanufaktur\/wp-content\/uploads\/sites\/2\/2025\/09\/20250904_1847061-86x150.jpg 86w\" sizes=\"(max-width: 768px) 100vw, 768px\" \/><\/figure>\n<\/div>\n<\/div>\n\n\n\n<p><\/p>\n\n\n\n<hr class=\"wp-block-separator has-alpha-channel-opacity is-style-wide\"\/>\n\n\n\n<div class=\"wp-block-media-text is-stacked-on-mobile\" style=\"grid-template-columns:22% auto\"><figure class=\"wp-block-media-text__media\"><img loading=\"lazy\" decoding=\"async\" width=\"684\" height=\"1024\" src=\"https:\/\/johanneum.biz\/holzmanufaktur\/wp-content\/uploads\/sites\/2\/2023\/09\/Holzmanufaktur-Grabmal-Dreieinigkeit-684x1024.jpg\" alt=\"\" class=\"wp-image-432 size-full\" srcset=\"https:\/\/johanneum.biz\/holzmanufaktur\/wp-content\/uploads\/sites\/2\/2023\/09\/Holzmanufaktur-Grabmal-Dreieinigkeit-684x1024.jpg 684w, https:\/\/johanneum.biz\/holzmanufaktur\/wp-content\/uploads\/sites\/2\/2023\/09\/Holzmanufaktur-Grabmal-Dreieinigkeit-200x300.jpg 200w, https:\/\/johanneum.biz\/holzmanufaktur\/wp-content\/uploads\/sites\/2\/2023\/09\/Holzmanufaktur-Grabmal-Dreieinigkeit-768x1149.jpg 768w, https:\/\/johanneum.biz\/holzmanufaktur\/wp-content\/uploads\/sites\/2\/2023\/09\/Holzmanufaktur-Grabmal-Dreieinigkeit-100x150.jpg 100w, https:\/\/johanneum.biz\/holzmanufaktur\/wp-content\/uploads\/sites\/2\/2023\/09\/Holzmanufaktur-Grabmal-Dreieinigkeit.jpg 900w\" sizes=\"(max-width: 684px) 100vw, 684px\" \/><\/figure><div class=\"wp-block-media-text__content\">\n<p>Dieses Grabmal enth\u00e4lt christliche Symbole, die auch die Stationen und Verbundenheiten der Verstorbenen widerspiegeln:<br>Links die &#8222;Alpha&#8220;-Stele, die f\u00fcr den Beginn des Lebens steht. \u00dcber den Geburtsdaten, die ich eingefr\u00e4st habe und die mit Blattgold veredelt wurden, habe ich eine Bronzetafel mit dem Bildnis der Patronin des Geburtslandes eingelassen.<br>Die rechte &#8222;Omega&#8220;-Stele enth\u00e4lt die Sterbedaten und ein Bronzebildnis des Heiligen, der f\u00fcr die Verstorbene besonders in den schwersten Zeiten ihres Lebens der wichtigste F\u00fcrsprecher war. <br>Die mittlere Stele, die alle \u00fcberragt und an deren Spitze ein &#8211; von einem Baum umschlungenes &#8211; Kreuz ist, steht f\u00fcr das Leben und hat eine Nische f\u00fcr ein weiteres Lebenssymbol, das Licht des Auferstandenen. <\/p>\n<\/div><\/div>\n\n\n\n<p><\/p>\n\n\n\n<hr class=\"wp-block-separator has-alpha-channel-opacity is-style-wide\"\/>\n\n\n\n<div class=\"wp-block-media-text has-media-on-the-right is-stacked-on-mobile\" style=\"grid-template-columns:auto 21%\"><div class=\"wp-block-media-text__content\">\n<p>Bei diesem Grabmal aus Robinie steht der Lebensmittelpunkt des Verstorbenen im Zentrum. <br>Als Winzer in dritter Generation eines Weinguts, hatte er den Weinstock damals in seinem Weinberg selbst eingepflanzt und viele Jahre die Trauben geerntet. Als Zeichen der Verbundenheit hat seine Tochter auf dem Grab einen neuen Weinstock gepflanzt.<br>Und wie auch der Verstorbene weiterhin ein wichtiger Teil seiner Familie sein wird, findet diese junge Pflanze Halt an dem alten, abgestorbenen Weinstock, der ihm hilft, aufrecht nach oben zu wachsen.<\/p>\n<\/div><figure class=\"wp-block-media-text__media\"><img loading=\"lazy\" decoding=\"async\" width=\"615\" height=\"921\" src=\"https:\/\/johanneum.biz\/holzmanufaktur\/wp-content\/uploads\/sites\/2\/2023\/09\/Holzmanufaktur-Grabmal-Weinstock.jpg\" alt=\"\" class=\"wp-image-436 size-full\" srcset=\"https:\/\/johanneum.biz\/holzmanufaktur\/wp-content\/uploads\/sites\/2\/2023\/09\/Holzmanufaktur-Grabmal-Weinstock.jpg 615w, https:\/\/johanneum.biz\/holzmanufaktur\/wp-content\/uploads\/sites\/2\/2023\/09\/Holzmanufaktur-Grabmal-Weinstock-200x300.jpg 200w, https:\/\/johanneum.biz\/holzmanufaktur\/wp-content\/uploads\/sites\/2\/2023\/09\/Holzmanufaktur-Grabmal-Weinstock-100x150.jpg 100w\" sizes=\"(max-width: 615px) 100vw, 615px\" \/><\/figure><\/div>\n\n\n\n<hr class=\"wp-block-separator has-alpha-channel-opacity is-style-wide\"\/>\n\n\n\n<div class=\"wp-block-media-text is-stacked-on-mobile\" style=\"grid-template-columns:27% auto\"><figure class=\"wp-block-media-text__media\"><img loading=\"lazy\" decoding=\"async\" width=\"768\" height=\"1024\" src=\"https:\/\/johanneum.biz\/holzmanufaktur\/wp-content\/uploads\/sites\/2\/2023\/09\/Holzmanufaktur-Grabmal-Maria.jpg\" alt=\"\" class=\"wp-image-439 size-full\" srcset=\"https:\/\/johanneum.biz\/holzmanufaktur\/wp-content\/uploads\/sites\/2\/2023\/09\/Holzmanufaktur-Grabmal-Maria.jpg 768w, https:\/\/johanneum.biz\/holzmanufaktur\/wp-content\/uploads\/sites\/2\/2023\/09\/Holzmanufaktur-Grabmal-Maria-225x300.jpg 225w, https:\/\/johanneum.biz\/holzmanufaktur\/wp-content\/uploads\/sites\/2\/2023\/09\/Holzmanufaktur-Grabmal-Maria-113x150.jpg 113w\" sizes=\"(max-width: 768px) 100vw, 768px\" \/><\/figure><div class=\"wp-block-media-text__content\">\n<p>Hier entsteht ein Familiengrabmal, das die Verbindung zu beiden Verstorbenen derer gedacht werden wird, sichtbar macht:<br>Der eine hatte den Baum, aus dem die Stelen entstanden, vor einigen Jahren selbst gef\u00e4llt, der andere die Marienfigur geschnitzt.<br>Zwei weitere Stelen, die wir aus diesem Stamm gewinnen konnten, weiten den Kreis insofern, als dass ich damit ein Grabmal f\u00fcr ein verstorbenes Ehepaar aus der weiteren Verwandschaft dieser Familie anfertigen konnte. <\/p>\n<\/div><\/div>\n\n\n\n<hr class=\"wp-block-separator has-alpha-channel-opacity is-style-wide\"\/>\n\n\n\n<p>Unabh\u00e4ngig von den hier aufgef\u00fchrten Grabstelen, die &#8211; in Zusammenarbeit mit den entsprechenden Familien &#8211; christliche Symbolik aufzeigen, sind der Kreativit\u00e4t kaum (die \u00f6rtliche Friedhofsordnung muss selbstverst\u00e4ndlich ber\u00fccksichtigt werden) Grenzen gesetzt.<br>Die bisherigen Grabstelen waren aus Robinienholz, welches auch in Weinbergen zum Einsatz kommt, wo das Holz genauso stark den Wettereinfl\u00fcssen ausgesetzt ist, wie auf einem Friedhof.<br>Alternativ sind aber auch andere Harth\u00f6lzer, wie beispielsweise Eiche, geeignet.<\/p>\n\n\n\n<hr class=\"wp-block-separator has-alpha-channel-opacity is-style-wide\"\/>\n\n\n\n<div style=\"height:30px\" aria-hidden=\"true\" class=\"wp-block-spacer\"><\/div>\n\n\n\n<p class=\"has-text-align-center has-custom-weight has-custom-lineheight\" style=\"line-height:1.75;font-weight:normal;font-size:24px\"><em><mark style=\"background-color:rgba(0, 0, 0, 0);color:#827d6a\" class=\"has-inline-color\">Stein des Ansto\u00dfes zum Nachdenken:<\/mark><\/em><\/p>\n\n\n\n<p class=\"has-text-align-center\"><em>Die Entstehung meiner Grabstelen kommt g\u00e4nzlich ohne Kinderarbeit aus!<br>Es ist erschreckend, dass in Indien trotz jahrelangem Kampf gegen Kinderarbeit<br>immer noch mehr als 100.000 Kinder in Steinbr\u00fcchen Steine schleppen,<br>Sprengladungen an Grantibl\u00f6cken befestigen,<br>oft stundenlang kein Tageslicht sehen und gro\u00dfen gesundheitlichen Gefahren ausgesetzt sind.<br>Steinstaub und Temperaturen um die 40 Grad Celsius<br>greifen ihre nicht gesch\u00fctzten Ohren, Augen und Atemwege an.<br>Die Folgen sind Taubheit und Staublungen.<br>Ihre Lebenserwartung liegt zwischen 30 und 40 Jahren.<br>Zwischen 50 bis 80% der Grabsteine und Grabumrandungen auf deutschen Friedh\u00f6fen stammen aus Indien.<\/em><\/p>\n\n\n\n<p class=\"has-text-align-center\"><em>Doch das l\u00e4sst sich leicht verdr\u00e4ngen,<br>die Kinderarbeit findet ja nicht vor unserer Haust\u00fcr statt&#8230;<\/em><\/p>\n\n\n\n<div style=\"height:30px\" aria-hidden=\"true\" class=\"wp-block-spacer\"><\/div>\n\n\n\n<hr class=\"wp-block-separator has-alpha-channel-opacity is-style-wide\"\/>\n\n\n\n<p class=\"has-text-align-center\">Aber auch als Deko im Bereich, der mit Leben erf\u00fcllt ist, sind Stelen aus Holz ein Blickfang:<\/p>\n\n\n\n<div class=\"wp-block-columns is-layout-flex wp-container-core-columns-layout-2 wp-block-columns-is-layout-flex\">\n<div class=\"wp-block-column is-layout-flow wp-block-column-is-layout-flow\"><div class=\"wp-block-image\">\n<figure class=\"aligncenter size-large is-resized\"><img loading=\"lazy\" decoding=\"async\" width=\"569\" height=\"1024\" src=\"https:\/\/johanneum.biz\/holzmanufaktur\/wp-content\/uploads\/sites\/2\/2023\/09\/Holzmanufaktur-Eichenstele-1-569x1024.jpg\" alt=\"\" class=\"wp-image-446\" style=\"width:auto;height:250px\" srcset=\"https:\/\/johanneum.biz\/holzmanufaktur\/wp-content\/uploads\/sites\/2\/2023\/09\/Holzmanufaktur-Eichenstele-1-569x1024.jpg 569w, https:\/\/johanneum.biz\/holzmanufaktur\/wp-content\/uploads\/sites\/2\/2023\/09\/Holzmanufaktur-Eichenstele-1-167x300.jpg 167w, https:\/\/johanneum.biz\/holzmanufaktur\/wp-content\/uploads\/sites\/2\/2023\/09\/Holzmanufaktur-Eichenstele-1-768x1383.jpg 768w, https:\/\/johanneum.biz\/holzmanufaktur\/wp-content\/uploads\/sites\/2\/2023\/09\/Holzmanufaktur-Eichenstele-1-853x1536.jpg 853w, https:\/\/johanneum.biz\/holzmanufaktur\/wp-content\/uploads\/sites\/2\/2023\/09\/Holzmanufaktur-Eichenstele-1-1137x2048.jpg 1137w, https:\/\/johanneum.biz\/holzmanufaktur\/wp-content\/uploads\/sites\/2\/2023\/09\/Holzmanufaktur-Eichenstele-1-83x150.jpg 83w, https:\/\/johanneum.biz\/holzmanufaktur\/wp-content\/uploads\/sites\/2\/2023\/09\/Holzmanufaktur-Eichenstele-1.jpg 1200w\" sizes=\"(max-width: 569px) 100vw, 569px\" \/><\/figure><\/div><\/div>\n\n\n\n<div class=\"wp-block-column is-layout-flow wp-block-column-is-layout-flow\"><div class=\"wp-block-image\">\n<figure class=\"aligncenter size-large is-resized\"><img loading=\"lazy\" decoding=\"async\" width=\"1024\" height=\"962\" src=\"https:\/\/johanneum.biz\/holzmanufaktur\/wp-content\/uploads\/sites\/2\/2023\/09\/Holzmanufaktur-Eichenstele-2-1024x962.jpg\" alt=\"\" class=\"wp-image-447\" style=\"width:auto;height:250px\" srcset=\"https:\/\/johanneum.biz\/holzmanufaktur\/wp-content\/uploads\/sites\/2\/2023\/09\/Holzmanufaktur-Eichenstele-2-1024x962.jpg 1024w, https:\/\/johanneum.biz\/holzmanufaktur\/wp-content\/uploads\/sites\/2\/2023\/09\/Holzmanufaktur-Eichenstele-2-300x282.jpg 300w, https:\/\/johanneum.biz\/holzmanufaktur\/wp-content\/uploads\/sites\/2\/2023\/09\/Holzmanufaktur-Eichenstele-2-768x722.jpg 768w, https:\/\/johanneum.biz\/holzmanufaktur\/wp-content\/uploads\/sites\/2\/2023\/09\/Holzmanufaktur-Eichenstele-2-150x141.jpg 150w, https:\/\/johanneum.biz\/holzmanufaktur\/wp-content\/uploads\/sites\/2\/2023\/09\/Holzmanufaktur-Eichenstele-2.jpg 1277w\" sizes=\"(max-width: 1024px) 100vw, 1024px\" \/><\/figure><\/div><\/div>\n\n\n\n<div class=\"wp-block-column is-layout-flow wp-block-column-is-layout-flow\"><div class=\"wp-block-image\">\n<figure class=\"aligncenter size-large is-resized\"><img loading=\"lazy\" decoding=\"async\" width=\"868\" height=\"1024\" src=\"https:\/\/johanneum.biz\/holzmanufaktur\/wp-content\/uploads\/sites\/2\/2023\/09\/Holzmanufaktur-Eichenstele-3-868x1024.jpg\" alt=\"\" class=\"wp-image-448\" style=\"width:auto;height:250px\" srcset=\"https:\/\/johanneum.biz\/holzmanufaktur\/wp-content\/uploads\/sites\/2\/2023\/09\/Holzmanufaktur-Eichenstele-3-868x1024.jpg 868w, https:\/\/johanneum.biz\/holzmanufaktur\/wp-content\/uploads\/sites\/2\/2023\/09\/Holzmanufaktur-Eichenstele-3-254x300.jpg 254w, https:\/\/johanneum.biz\/holzmanufaktur\/wp-content\/uploads\/sites\/2\/2023\/09\/Holzmanufaktur-Eichenstele-3-768x906.jpg 768w, https:\/\/johanneum.biz\/holzmanufaktur\/wp-content\/uploads\/sites\/2\/2023\/09\/Holzmanufaktur-Eichenstele-3-127x150.jpg 127w, https:\/\/johanneum.biz\/holzmanufaktur\/wp-content\/uploads\/sites\/2\/2023\/09\/Holzmanufaktur-Eichenstele-3.jpg 1200w\" sizes=\"(max-width: 868px) 100vw, 868px\" \/><\/figure><\/div><\/div>\n\n\n\n<div class=\"wp-block-column is-layout-flow wp-block-column-is-layout-flow\"><div class=\"wp-block-image\">\n<figure class=\"aligncenter size-large is-resized\"><img loading=\"lazy\" decoding=\"async\" width=\"491\" height=\"1024\" src=\"https:\/\/johanneum.biz\/holzmanufaktur\/wp-content\/uploads\/sites\/2\/2023\/09\/Holzmanufaktur-Robiniestelen-491x1024.jpg\" alt=\"\" class=\"wp-image-445\" style=\"width:auto;height:250px\" srcset=\"https:\/\/johanneum.biz\/holzmanufaktur\/wp-content\/uploads\/sites\/2\/2023\/09\/Holzmanufaktur-Robiniestelen-491x1024.jpg 491w, https:\/\/johanneum.biz\/holzmanufaktur\/wp-content\/uploads\/sites\/2\/2023\/09\/Holzmanufaktur-Robiniestelen-144x300.jpg 144w, https:\/\/johanneum.biz\/holzmanufaktur\/wp-content\/uploads\/sites\/2\/2023\/09\/Holzmanufaktur-Robiniestelen-72x150.jpg 72w, https:\/\/johanneum.biz\/holzmanufaktur\/wp-content\/uploads\/sites\/2\/2023\/09\/Holzmanufaktur-Robiniestelen.jpg 600w\" sizes=\"(max-width: 491px) 100vw, 491px\" \/><\/figure><\/div><\/div>\n<\/div>\n\n\n\n<div style=\"height:51px\" aria-hidden=\"true\" class=\"wp-block-spacer\"><\/div>\n\n\n\n<p><a href=\"https:\/\/johanneum.biz\/holzmanufaktur\/neogotik\/\" data-type=\"link\" data-id=\"https:\/\/johanneum.biz\/holzmanufaktur\/neogotik\/\"><em><mark style=\"background-color:rgba(0, 0, 0, 0);color:#827d6a\" class=\"has-inline-color\">Auf der n\u00e4chsten Seite wird es wieder etwas entspannter&#8230; <\/mark><\/em><\/a><\/p>\n","protected":false},"excerpt":{"rendered":"<p>Traditionell denken wir bei demStichwort &#8222;Friedhof&#8220; an Grabsteineoder selten vielleicht auch an Metallkreuze,wie sie besonders in \u00d6sterreich Tradition haben.Aber wieso sollte man diesem Ort, der gleichsamTrauer, Einsamkeit und Verlust bedeutet,nicht ein bisschen mehr W\u00e4rme verleihen? Wir sind Zeit unseres Lebens von so viel Holz umgeben:Tische, St\u00fchle, Betten, Schr\u00e4nke&#8230;meist (bzw. im&#8230;<\/p>\n<p> <a class=\"continue-reading-link\" href=\"https:\/\/johanneum.biz\/holzmanufaktur\/holzstelen-grabmale\/\"><span>&#8230;weiterlesen<\/span><i class=\"crycon-right-dir\"><\/i><\/a> <\/p>\n","protected":false},"author":1,"featured_media":0,"parent":0,"menu_order":5,"comment_status":"closed","ping_status":"closed","template":"","meta":{"_coblocks_attr":"","_coblocks_dimensions":"","_coblocks_responsive_height":"","_coblocks_accordion_ie_support":"","footnotes":""},"_links":{"self":[{"href":"https:\/\/johanneum.biz\/holzmanufaktur\/wp-json\/wp\/v2\/pages\/81"}],"collection":[{"href":"https:\/\/johanneum.biz\/holzmanufaktur\/wp-json\/wp\/v2\/pages"}],"about":[{"href":"https:\/\/johanneum.biz\/holzmanufaktur\/wp-json\/wp\/v2\/types\/page"}],"author":[{"embeddable":true,"href":"https:\/\/johanneum.biz\/holzmanufaktur\/wp-json\/wp\/v2\/users\/1"}],"replies":[{"embeddable":true,"href":"https:\/\/johanneum.biz\/holzmanufaktur\/wp-json\/wp\/v2\/comments?post=81"}],"version-history":[{"count":25,"href":"https:\/\/johanneum.biz\/holzmanufaktur\/wp-json\/wp\/v2\/pages\/81\/revisions"}],"predecessor-version":[{"id":874,"href":"https:\/\/johanneum.biz\/holzmanufaktur\/wp-json\/wp\/v2\/pages\/81\/revisions\/874"}],"wp:attachment":[{"href":"https:\/\/johanneum.biz\/holzmanufaktur\/wp-json\/wp\/v2\/media?parent=81"}],"curies":[{"name":"wp","href":"https:\/\/api.w.org\/{rel}","templated":true}]}}