{"id":79,"date":"2023-08-29T10:22:34","date_gmt":"2023-08-29T08:22:34","guid":{"rendered":"https:\/\/johanneum.biz\/holzmanufaktur\/?page_id=79"},"modified":"2023-10-17T19:09:14","modified_gmt":"2023-10-17T17:09:14","slug":"restaurierung","status":"publish","type":"page","link":"https:\/\/johanneum.biz\/holzmanufaktur\/restaurierung\/","title":{"rendered":"Restaurierung"},"content":{"rendered":"\n<div style=\"height:30px\" aria-hidden=\"true\" class=\"wp-block-spacer\"><\/div>\n\n\n\n<p class=\"is-style-default has-white-color has-text-color has-background has-link-color has-barlow-font-family coblocks-animate has-custom-font has-custom-letterspacing wp-elements-d4a3e981f5cbf5dc7f7fcd7934e4645b\" style=\"background-color:#cbbd85;font-size:24px;font-family:Barlow;letter-spacing:1px\" data-coblocks-animation=\"zoomIn\">Kutschbock<\/p>\n\n\n\n<div class=\"wp-block-columns is-layout-flex wp-container-core-columns-layout-1 wp-block-columns-is-layout-flex\">\n<div class=\"wp-block-column is-layout-flow wp-block-column-is-layout-flow\">\n<div class=\"wp-block-media-text is-stacked-on-mobile\" style=\"grid-template-columns:55% auto\"><figure class=\"wp-block-media-text__media\"><img loading=\"lazy\" decoding=\"async\" width=\"1637\" height=\"768\" src=\"https:\/\/johanneum.biz\/holzmanufaktur\/wp-content\/uploads\/sites\/2\/2023\/09\/Kutschbock-unrestauriert.jpg\" alt=\"\" class=\"wp-image-693 size-full\" srcset=\"https:\/\/johanneum.biz\/holzmanufaktur\/wp-content\/uploads\/sites\/2\/2023\/09\/Kutschbock-unrestauriert.jpg 1637w, https:\/\/johanneum.biz\/holzmanufaktur\/wp-content\/uploads\/sites\/2\/2023\/09\/Kutschbock-unrestauriert-300x141.jpg 300w, https:\/\/johanneum.biz\/holzmanufaktur\/wp-content\/uploads\/sites\/2\/2023\/09\/Kutschbock-unrestauriert-1024x480.jpg 1024w, https:\/\/johanneum.biz\/holzmanufaktur\/wp-content\/uploads\/sites\/2\/2023\/09\/Kutschbock-unrestauriert-768x360.jpg 768w, https:\/\/johanneum.biz\/holzmanufaktur\/wp-content\/uploads\/sites\/2\/2023\/09\/Kutschbock-unrestauriert-1536x721.jpg 1536w, https:\/\/johanneum.biz\/holzmanufaktur\/wp-content\/uploads\/sites\/2\/2023\/09\/Kutschbock-unrestauriert-150x70.jpg 150w\" sizes=\"(max-width: 1637px) 100vw, 1637px\" \/><\/figure><div class=\"wp-block-media-text__content\">\n<p class=\"has-text-align-center\">Ein alter Kutschbock, der nach umfassender Restaurierung\u2026<\/p>\n<\/div><\/div>\n<\/div>\n<\/div>\n\n\n\n<div style=\"height:5px\" aria-hidden=\"true\" class=\"wp-block-spacer\"><\/div>\n\n\n\n<div class=\"wp-block-columns is-layout-flex wp-container-core-columns-layout-2 wp-block-columns-is-layout-flex\">\n<div class=\"wp-block-column is-layout-flow wp-block-column-is-layout-flow\">\n<div class=\"wp-block-media-text has-media-on-the-right is-stacked-on-mobile\" style=\"grid-template-columns:auto 55%\"><div class=\"wp-block-media-text__content\">\n<p class=\"has-text-align-center\">\u2026als H\u00e4ngeschaukel Klein &amp; Gro\u00df erfreut.<\/p>\n<\/div><figure class=\"wp-block-media-text__media\"><img loading=\"lazy\" decoding=\"async\" width=\"1180\" height=\"680\" src=\"https:\/\/johanneum.biz\/holzmanufaktur\/wp-content\/uploads\/sites\/2\/2023\/09\/Holzmanufaktur-Haengeschaukel-2.jpg\" alt=\"\" class=\"wp-image-695 size-full\" srcset=\"https:\/\/johanneum.biz\/holzmanufaktur\/wp-content\/uploads\/sites\/2\/2023\/09\/Holzmanufaktur-Haengeschaukel-2.jpg 1180w, https:\/\/johanneum.biz\/holzmanufaktur\/wp-content\/uploads\/sites\/2\/2023\/09\/Holzmanufaktur-Haengeschaukel-2-300x173.jpg 300w, https:\/\/johanneum.biz\/holzmanufaktur\/wp-content\/uploads\/sites\/2\/2023\/09\/Holzmanufaktur-Haengeschaukel-2-1024x590.jpg 1024w, https:\/\/johanneum.biz\/holzmanufaktur\/wp-content\/uploads\/sites\/2\/2023\/09\/Holzmanufaktur-Haengeschaukel-2-768x443.jpg 768w, https:\/\/johanneum.biz\/holzmanufaktur\/wp-content\/uploads\/sites\/2\/2023\/09\/Holzmanufaktur-Haengeschaukel-2-150x86.jpg 150w\" sizes=\"(max-width: 1180px) 100vw, 1180px\" \/><\/figure><\/div>\n<\/div>\n<\/div>\n\n\n\n<div style=\"height:30px\" aria-hidden=\"true\" class=\"wp-block-spacer\"><\/div>\n\n\n\n<hr class=\"wp-block-separator has-text-color has-alpha-channel-opacity has-background is-style-wide\" style=\"background-color:#cbbd85;color:#cbbd85\"\/>\n\n\n\n<p class=\"is-style-default has-white-color has-text-color has-background has-link-color has-barlow-font-family coblocks-animate has-custom-font has-custom-letterspacing wp-elements-0c7a0a90f753ebd1b20c9d6c6196f166\" style=\"background-color:#cbbd85;font-size:24px;font-family:Barlow;letter-spacing:1px\" data-coblocks-animation=\"zoomIn\">Nussbaumtisch<\/p>\n\n\n\n<div class=\"wp-block-columns is-layout-flex wp-container-core-columns-layout-3 wp-block-columns-is-layout-flex\">\n<div class=\"wp-block-column is-layout-flow wp-block-column-is-layout-flow\"><div class=\"wp-block-image\">\n<figure class=\"aligncenter size-full is-resized\"><img loading=\"lazy\" decoding=\"async\" width=\"947\" height=\"768\" src=\"https:\/\/johanneum.biz\/holzmanufaktur\/wp-content\/uploads\/sites\/2\/2023\/09\/Holzmanufaktur-Nussbaumtisch-1.jpg\" alt=\"\" class=\"wp-image-702\" style=\"width:auto;height:200px\" srcset=\"https:\/\/johanneum.biz\/holzmanufaktur\/wp-content\/uploads\/sites\/2\/2023\/09\/Holzmanufaktur-Nussbaumtisch-1.jpg 947w, https:\/\/johanneum.biz\/holzmanufaktur\/wp-content\/uploads\/sites\/2\/2023\/09\/Holzmanufaktur-Nussbaumtisch-1-300x243.jpg 300w, https:\/\/johanneum.biz\/holzmanufaktur\/wp-content\/uploads\/sites\/2\/2023\/09\/Holzmanufaktur-Nussbaumtisch-1-768x623.jpg 768w, https:\/\/johanneum.biz\/holzmanufaktur\/wp-content\/uploads\/sites\/2\/2023\/09\/Holzmanufaktur-Nussbaumtisch-1-150x122.jpg 150w\" sizes=\"(max-width: 947px) 100vw, 947px\" \/><figcaption class=\"wp-element-caption\"><em>Vorher..<\/em><\/figcaption><\/figure><\/div><\/div>\n\n\n\n<div class=\"wp-block-column is-layout-flow wp-block-column-is-layout-flow\"><div class=\"wp-block-image\">\n<figure class=\"aligncenter size-large is-resized\"><img loading=\"lazy\" decoding=\"async\" width=\"1024\" height=\"713\" src=\"https:\/\/johanneum.biz\/holzmanufaktur\/wp-content\/uploads\/sites\/2\/2023\/09\/Holzmanufaktur-Nussbaumtisch-2-1024x713.jpg\" alt=\"\" class=\"wp-image-704\" style=\"width:auto;height:200px\" srcset=\"https:\/\/johanneum.biz\/holzmanufaktur\/wp-content\/uploads\/sites\/2\/2023\/09\/Holzmanufaktur-Nussbaumtisch-2-1024x713.jpg 1024w, https:\/\/johanneum.biz\/holzmanufaktur\/wp-content\/uploads\/sites\/2\/2023\/09\/Holzmanufaktur-Nussbaumtisch-2-300x209.jpg 300w, https:\/\/johanneum.biz\/holzmanufaktur\/wp-content\/uploads\/sites\/2\/2023\/09\/Holzmanufaktur-Nussbaumtisch-2-768x535.jpg 768w, https:\/\/johanneum.biz\/holzmanufaktur\/wp-content\/uploads\/sites\/2\/2023\/09\/Holzmanufaktur-Nussbaumtisch-2-1536x1069.jpg 1536w, https:\/\/johanneum.biz\/holzmanufaktur\/wp-content\/uploads\/sites\/2\/2023\/09\/Holzmanufaktur-Nussbaumtisch-2-150x104.jpg 150w, https:\/\/johanneum.biz\/holzmanufaktur\/wp-content\/uploads\/sites\/2\/2023\/09\/Holzmanufaktur-Nussbaumtisch-2.jpg 1724w\" sizes=\"(max-width: 1024px) 100vw, 1024px\" \/><figcaption class=\"wp-element-caption\"><em>&#8230;w\u00e4hrend&#8230;<\/em><\/figcaption><\/figure><\/div><\/div>\n\n\n\n<div class=\"wp-block-column is-layout-flow wp-block-column-is-layout-flow\"><div class=\"wp-block-image\">\n<figure class=\"aligncenter size-full is-resized\"><img loading=\"lazy\" decoding=\"async\" width=\"975\" height=\"768\" src=\"https:\/\/johanneum.biz\/holzmanufaktur\/wp-content\/uploads\/sites\/2\/2023\/09\/Holzmanufaktur-Nussbaumtisch-3.jpg\" alt=\"\" class=\"wp-image-705\" style=\"width:auto;height:200px\" srcset=\"https:\/\/johanneum.biz\/holzmanufaktur\/wp-content\/uploads\/sites\/2\/2023\/09\/Holzmanufaktur-Nussbaumtisch-3.jpg 975w, https:\/\/johanneum.biz\/holzmanufaktur\/wp-content\/uploads\/sites\/2\/2023\/09\/Holzmanufaktur-Nussbaumtisch-3-300x236.jpg 300w, https:\/\/johanneum.biz\/holzmanufaktur\/wp-content\/uploads\/sites\/2\/2023\/09\/Holzmanufaktur-Nussbaumtisch-3-768x605.jpg 768w, https:\/\/johanneum.biz\/holzmanufaktur\/wp-content\/uploads\/sites\/2\/2023\/09\/Holzmanufaktur-Nussbaumtisch-3-150x118.jpg 150w\" sizes=\"(max-width: 975px) 100vw, 975px\" \/><figcaption class=\"wp-element-caption\"><em>&#8230;danach<\/em><\/figcaption><\/figure><\/div><\/div>\n<\/div>\n\n\n\n<div style=\"height:30px\" aria-hidden=\"true\" class=\"wp-block-spacer\"><\/div>\n\n\n\n<hr class=\"wp-block-separator has-text-color has-alpha-channel-opacity has-background is-style-wide\" style=\"background-color:#cbbd85;color:#cbbd85\"\/>\n\n\n\n<p class=\"is-style-default has-white-color has-text-color has-background has-link-color has-barlow-font-family coblocks-animate has-custom-font has-custom-letterspacing wp-elements-e55599f622f60f7c12fda480ac9a46a5\" style=\"background-color:#cbbd85;font-size:24px;font-family:Barlow;letter-spacing:1px\" data-coblocks-animation=\"zoomIn\">Eichenbuffet<\/p>\n\n\n\n<div class=\"wp-block-columns is-layout-flex wp-container-core-columns-layout-4 wp-block-columns-is-layout-flex\">\n<div class=\"wp-block-column is-layout-flow wp-block-column-is-layout-flow\">\n<figure class=\"wp-block-image size-large\"><img loading=\"lazy\" decoding=\"async\" width=\"1024\" height=\"1024\" src=\"https:\/\/johanneum.biz\/holzmanufaktur\/wp-content\/uploads\/sites\/2\/2023\/09\/Holzmanufaktur-Eichenbuffet-1-1024x1024.jpg\" alt=\"\" class=\"wp-image-706\" srcset=\"https:\/\/johanneum.biz\/holzmanufaktur\/wp-content\/uploads\/sites\/2\/2023\/09\/Holzmanufaktur-Eichenbuffet-1-1024x1024.jpg 1024w, https:\/\/johanneum.biz\/holzmanufaktur\/wp-content\/uploads\/sites\/2\/2023\/09\/Holzmanufaktur-Eichenbuffet-1-300x300.jpg 300w, https:\/\/johanneum.biz\/holzmanufaktur\/wp-content\/uploads\/sites\/2\/2023\/09\/Holzmanufaktur-Eichenbuffet-1-150x150.jpg 150w, https:\/\/johanneum.biz\/holzmanufaktur\/wp-content\/uploads\/sites\/2\/2023\/09\/Holzmanufaktur-Eichenbuffet-1-768x768.jpg 768w, https:\/\/johanneum.biz\/holzmanufaktur\/wp-content\/uploads\/sites\/2\/2023\/09\/Holzmanufaktur-Eichenbuffet-1.jpg 1200w\" sizes=\"(max-width: 1024px) 100vw, 1024px\" \/><\/figure>\n<\/div>\n\n\n\n<div class=\"wp-block-column is-layout-flow wp-block-column-is-layout-flow\">\n<figure class=\"wp-block-image size-full\"><img loading=\"lazy\" decoding=\"async\" width=\"768\" height=\"768\" src=\"https:\/\/johanneum.biz\/holzmanufaktur\/wp-content\/uploads\/sites\/2\/2023\/09\/Holzmanufaktur-Eichenbuffet-2.jpg\" alt=\"\" class=\"wp-image-707\" srcset=\"https:\/\/johanneum.biz\/holzmanufaktur\/wp-content\/uploads\/sites\/2\/2023\/09\/Holzmanufaktur-Eichenbuffet-2.jpg 768w, https:\/\/johanneum.biz\/holzmanufaktur\/wp-content\/uploads\/sites\/2\/2023\/09\/Holzmanufaktur-Eichenbuffet-2-300x300.jpg 300w, https:\/\/johanneum.biz\/holzmanufaktur\/wp-content\/uploads\/sites\/2\/2023\/09\/Holzmanufaktur-Eichenbuffet-2-150x150.jpg 150w\" sizes=\"(max-width: 768px) 100vw, 768px\" \/><\/figure>\n<\/div>\n\n\n\n<div class=\"wp-block-column is-layout-flow wp-block-column-is-layout-flow\">\n<figure class=\"wp-block-image size-full\"><img loading=\"lazy\" decoding=\"async\" width=\"768\" height=\"768\" src=\"https:\/\/johanneum.biz\/holzmanufaktur\/wp-content\/uploads\/sites\/2\/2023\/09\/Holzmanufaktur-Eichenbuffet-3.jpg\" alt=\"\" class=\"wp-image-708\" srcset=\"https:\/\/johanneum.biz\/holzmanufaktur\/wp-content\/uploads\/sites\/2\/2023\/09\/Holzmanufaktur-Eichenbuffet-3.jpg 768w, https:\/\/johanneum.biz\/holzmanufaktur\/wp-content\/uploads\/sites\/2\/2023\/09\/Holzmanufaktur-Eichenbuffet-3-300x300.jpg 300w, https:\/\/johanneum.biz\/holzmanufaktur\/wp-content\/uploads\/sites\/2\/2023\/09\/Holzmanufaktur-Eichenbuffet-3-150x150.jpg 150w\" sizes=\"(max-width: 768px) 100vw, 768px\" \/><\/figure>\n<\/div>\n<\/div>\n\n\n\n<div style=\"height:10px\" aria-hidden=\"true\" class=\"wp-block-spacer\"><\/div>\n\n\n\n<p class=\"has-text-align-center\">Dieses Eichenbuffet wirkt nach der &#8222;Sch\u00f6nheitskur&#8220; wieder frisch und freundlich.<\/p>\n\n\n\n<div style=\"height:30px\" aria-hidden=\"true\" class=\"wp-block-spacer\"><\/div>\n\n\n\n<hr class=\"wp-block-separator has-text-color has-alpha-channel-opacity has-background is-style-wide\" style=\"background-color:#cbbd85;color:#cbbd85\"\/>\n\n\n\n<p class=\"is-style-default has-white-color has-text-color has-background has-link-color has-barlow-font-family coblocks-animate has-custom-font has-custom-letterspacing wp-elements-befa254353b1861bdf28150ee41ca7df\" style=\"background-color:#cbbd85;font-size:24px;font-family:Barlow;letter-spacing:1px\" data-coblocks-animation=\"zoomIn\">Doppelfl\u00fcgliche Eichent\u00fcr<\/p>\n\n\n\n<div class=\"wp-block-columns is-layout-flex wp-container-core-columns-layout-7 wp-block-columns-is-layout-flex\">\n<div class=\"wp-block-column is-layout-flow wp-block-column-is-layout-flow\" style=\"flex-basis:61%\">\n<div class=\"wp-block-columns is-layout-flex wp-container-core-columns-layout-5 wp-block-columns-is-layout-flex\">\n<div class=\"wp-block-column is-layout-flow wp-block-column-is-layout-flow\">\n<p><\/p>\n\n\n\n<p><\/p>\n\n\n\n<p class=\"has-text-align-left\">Als in den 1980er Jahren die doppelfl\u00fcgliche T\u00fcr des Weinguts Lutz renoviert werden sollte, kam der beauftragte Maler zum Schluss, dass das Holz optisch nicht mehr zu retten sei und deshalb mit Farbe \u00fcberstrichen werden m\u00fcsse.<\/p>\n<\/div>\n<\/div>\n<\/div>\n\n\n\n<div class=\"wp-block-column is-layout-flow wp-block-column-is-layout-flow\" style=\"flex-basis:39%\">\n<div class=\"wp-block-columns is-layout-flex wp-container-core-columns-layout-6 wp-block-columns-is-layout-flex\">\n<div class=\"wp-block-column is-layout-flow wp-block-column-is-layout-flow\" style=\"flex-basis:100%\"><div class=\"wp-block-image\">\n<figure class=\"alignleft size-large is-resized\"><img loading=\"lazy\" decoding=\"async\" width=\"566\" height=\"1024\" src=\"https:\/\/johanneum.biz\/holzmanufaktur\/wp-content\/uploads\/sites\/2\/2023\/09\/Holzmanufaktur-WeingutLutzTuer-aussen-1-566x1024.jpg\" alt=\"\" class=\"wp-image-715\" style=\"width:auto;height:400px\" srcset=\"https:\/\/johanneum.biz\/holzmanufaktur\/wp-content\/uploads\/sites\/2\/2023\/09\/Holzmanufaktur-WeingutLutzTuer-aussen-1-566x1024.jpg 566w, https:\/\/johanneum.biz\/holzmanufaktur\/wp-content\/uploads\/sites\/2\/2023\/09\/Holzmanufaktur-WeingutLutzTuer-aussen-1-166x300.jpg 166w, https:\/\/johanneum.biz\/holzmanufaktur\/wp-content\/uploads\/sites\/2\/2023\/09\/Holzmanufaktur-WeingutLutzTuer-aussen-1-83x150.jpg 83w, https:\/\/johanneum.biz\/holzmanufaktur\/wp-content\/uploads\/sites\/2\/2023\/09\/Holzmanufaktur-WeingutLutzTuer-aussen-1.jpg 768w\" sizes=\"(max-width: 566px) 100vw, 566px\" \/><\/figure><\/div><\/div>\n<\/div>\n<\/div>\n<\/div>\n\n\n\n<div style=\"height:5px\" aria-hidden=\"true\" class=\"wp-block-spacer\"><\/div>\n\n\n\n<div class=\"wp-block-columns is-layout-flex wp-container-core-columns-layout-9 wp-block-columns-is-layout-flex\">\n<div class=\"wp-block-column is-layout-flow wp-block-column-is-layout-flow\">\n<div class=\"wp-block-columns is-layout-flex wp-container-core-columns-layout-8 wp-block-columns-is-layout-flex\">\n<div class=\"wp-block-column is-layout-flow wp-block-column-is-layout-flow\" style=\"flex-basis:50%\">\n<p>30 Jahre sp\u00e4ter war es wieder an der Zeit, die T\u00fcr zu renovieren.<br>Nach der \u00dcberpr\u00fcfung des Holzes, konnte ich die Empfehlung geben, die T\u00fcr zu entlacken und wieder im nat\u00fcrlichen Holzton erstrahlen zu lassen. <br>Die Spuren, welche die Witterung im Laufe der Zeit hinterlassen hat, nahmen wir hierbei gerne in Kauf, Hauptsache, man erkennt wieder, dass es sich um eine Eichent\u00fcr handelt.<\/p>\n<\/div>\n\n\n\n<div class=\"wp-block-column is-layout-flow wp-block-column-is-layout-flow\" style=\"flex-basis:50%\">\n<figure class=\"wp-block-image size-full\"><img loading=\"lazy\" decoding=\"async\" width=\"768\" height=\"904\" src=\"https:\/\/johanneum.biz\/holzmanufaktur\/wp-content\/uploads\/sites\/2\/2023\/09\/Holzmanufaktur-WeingutLutzTuer-aussen.jpg\" alt=\"\" class=\"wp-image-714\" srcset=\"https:\/\/johanneum.biz\/holzmanufaktur\/wp-content\/uploads\/sites\/2\/2023\/09\/Holzmanufaktur-WeingutLutzTuer-aussen.jpg 768w, https:\/\/johanneum.biz\/holzmanufaktur\/wp-content\/uploads\/sites\/2\/2023\/09\/Holzmanufaktur-WeingutLutzTuer-aussen-255x300.jpg 255w, https:\/\/johanneum.biz\/holzmanufaktur\/wp-content\/uploads\/sites\/2\/2023\/09\/Holzmanufaktur-WeingutLutzTuer-aussen-127x150.jpg 127w\" sizes=\"(max-width: 768px) 100vw, 768px\" \/><\/figure>\n<\/div>\n<\/div>\n<\/div>\n<\/div>\n\n\n\n<p>Wer die T\u00fcr einmal vor Ort begutachten m\u00f6chte, dem kann ich ein Besuch im <a href=\"https:\/\/www.weingutlutz.de\/index.html\" data-type=\"link\" data-id=\"https:\/\/www.weingutlutz.de\/index.html\">Weingut Lutz<\/a> nur empfehlen: Eine sehr gute badisch\/schw\u00e4bische K\u00fcche, exzellente Rot- und Wei\u00dfweine, spritzige Secchi und noch weitere K\u00f6stlichkeiten erwarten Sie dort.<\/p>\n\n\n\n<div style=\"height:30px\" aria-hidden=\"true\" class=\"wp-block-spacer\"><\/div>\n\n\n\n<hr class=\"wp-block-separator has-text-color has-alpha-channel-opacity has-background is-style-wide\" style=\"background-color:#cbbd85;color:#cbbd85\"\/>\n\n\n\n<p class=\"is-style-default has-white-color has-text-color has-background has-link-color has-barlow-font-family coblocks-animate has-custom-font has-custom-letterspacing wp-elements-c3983f105902aaedbdbad5d105a4adaf\" style=\"background-color:#cbbd85;font-size:24px;font-family:Barlow;letter-spacing:1px\" data-coblocks-animation=\"zoomIn\">Ausziehbarer Eichentisch<\/p>\n\n\n\n<div class=\"wp-block-media-text is-stacked-on-mobile\" style=\"grid-template-columns:30% auto\"><figure class=\"wp-block-media-text__media\"><img loading=\"lazy\" decoding=\"async\" width=\"768\" height=\"830\" src=\"https:\/\/johanneum.biz\/holzmanufaktur\/wp-content\/uploads\/sites\/2\/2023\/09\/Holzmanufaktur-Eichetisch-ausziehbar-2.jpg\" alt=\"\" class=\"wp-image-736 size-full\" srcset=\"https:\/\/johanneum.biz\/holzmanufaktur\/wp-content\/uploads\/sites\/2\/2023\/09\/Holzmanufaktur-Eichetisch-ausziehbar-2.jpg 768w, https:\/\/johanneum.biz\/holzmanufaktur\/wp-content\/uploads\/sites\/2\/2023\/09\/Holzmanufaktur-Eichetisch-ausziehbar-2-278x300.jpg 278w, https:\/\/johanneum.biz\/holzmanufaktur\/wp-content\/uploads\/sites\/2\/2023\/09\/Holzmanufaktur-Eichetisch-ausziehbar-2-139x150.jpg 139w\" sizes=\"(max-width: 768px) 100vw, 768px\" \/><\/figure><div class=\"wp-block-media-text__content\">\n<p class=\"has-text-align-center\">In letzter Minute dem Sperrm\u00fcll entkommen &#8211; zum Gl\u00fcck!<\/p>\n<\/div><\/div>\n\n\n\n<div class=\"wp-block-media-text has-media-on-the-right is-stacked-on-mobile\" style=\"grid-template-columns:auto 30%\"><div class=\"wp-block-media-text__content\">\n<p class=\"has-text-align-center\">Verleimen + ausspanen + schleifen + \u00f6len<\/p>\n<\/div><figure class=\"wp-block-media-text__media\"><img loading=\"lazy\" decoding=\"async\" width=\"855\" height=\"768\" src=\"https:\/\/johanneum.biz\/holzmanufaktur\/wp-content\/uploads\/sites\/2\/2023\/09\/Holzmanufaktur-Eichetisch-ausziehbar-1.jpg\" alt=\"\" class=\"wp-image-735 size-full\" srcset=\"https:\/\/johanneum.biz\/holzmanufaktur\/wp-content\/uploads\/sites\/2\/2023\/09\/Holzmanufaktur-Eichetisch-ausziehbar-1.jpg 855w, https:\/\/johanneum.biz\/holzmanufaktur\/wp-content\/uploads\/sites\/2\/2023\/09\/Holzmanufaktur-Eichetisch-ausziehbar-1-300x269.jpg 300w, https:\/\/johanneum.biz\/holzmanufaktur\/wp-content\/uploads\/sites\/2\/2023\/09\/Holzmanufaktur-Eichetisch-ausziehbar-1-768x690.jpg 768w, https:\/\/johanneum.biz\/holzmanufaktur\/wp-content\/uploads\/sites\/2\/2023\/09\/Holzmanufaktur-Eichetisch-ausziehbar-1-150x135.jpg 150w\" sizes=\"(max-width: 855px) 100vw, 855px\" \/><\/figure><\/div>\n\n\n\n<div class=\"wp-block-media-text is-stacked-on-mobile\" style=\"grid-template-columns:30% auto\"><figure class=\"wp-block-media-text__media\"><img loading=\"lazy\" decoding=\"async\" width=\"1020\" height=\"1024\" src=\"https:\/\/johanneum.biz\/holzmanufaktur\/wp-content\/uploads\/sites\/2\/2023\/09\/Holzmanufaktur-Eichetisch-ausziehbar-3-1020x1024.jpg\" alt=\"\" class=\"wp-image-737 size-full\" srcset=\"https:\/\/johanneum.biz\/holzmanufaktur\/wp-content\/uploads\/sites\/2\/2023\/09\/Holzmanufaktur-Eichetisch-ausziehbar-3-1020x1024.jpg 1020w, https:\/\/johanneum.biz\/holzmanufaktur\/wp-content\/uploads\/sites\/2\/2023\/09\/Holzmanufaktur-Eichetisch-ausziehbar-3-300x300.jpg 300w, https:\/\/johanneum.biz\/holzmanufaktur\/wp-content\/uploads\/sites\/2\/2023\/09\/Holzmanufaktur-Eichetisch-ausziehbar-3-150x150.jpg 150w, https:\/\/johanneum.biz\/holzmanufaktur\/wp-content\/uploads\/sites\/2\/2023\/09\/Holzmanufaktur-Eichetisch-ausziehbar-3-768x771.jpg 768w, https:\/\/johanneum.biz\/holzmanufaktur\/wp-content\/uploads\/sites\/2\/2023\/09\/Holzmanufaktur-Eichetisch-ausziehbar-3.jpg 1078w\" sizes=\"(max-width: 1020px) 100vw, 1020px\" \/><\/figure><div class=\"wp-block-media-text__content\">\n<p class=\"has-text-align-center\">= ein Eichetisch, an dem man gerne Platz nehmen wird.<\/p>\n<\/div><\/div>\n\n\n\n<div style=\"height:30px\" aria-hidden=\"true\" class=\"wp-block-spacer\"><\/div>\n\n\n\n<hr class=\"wp-block-separator has-text-color has-alpha-channel-opacity has-background is-style-wide\" style=\"background-color:#cbbd85;color:#cbbd85\"\/>\n\n\n\n<p class=\"is-style-default has-white-color has-text-color has-background has-link-color has-barlow-font-family coblocks-animate has-custom-font has-custom-letterspacing wp-elements-0c7a0a90f753ebd1b20c9d6c6196f166\" style=\"background-color:#cbbd85;font-size:24px;font-family:Barlow;letter-spacing:1px\" data-coblocks-animation=\"zoomIn\">Nussbaumtisch<\/p>\n\n\n\n<div class=\"wp-block-columns is-layout-flex wp-container-core-columns-layout-10 wp-block-columns-is-layout-flex\">\n<div class=\"wp-block-column is-vertically-aligned-top is-layout-flow wp-block-column-is-layout-flow\" style=\"flex-basis:25%\"><div class=\"wp-block-image\">\n<figure class=\"aligncenter size-full is-resized\"><img loading=\"lazy\" decoding=\"async\" width=\"654\" height=\"552\" src=\"https:\/\/johanneum.biz\/holzmanufaktur\/wp-content\/uploads\/sites\/2\/2023\/09\/Holzmanufaktur-Nussbaumtischchen-1.jpg\" alt=\"\" class=\"wp-image-744\" style=\"width:auto;height:250px\" srcset=\"https:\/\/johanneum.biz\/holzmanufaktur\/wp-content\/uploads\/sites\/2\/2023\/09\/Holzmanufaktur-Nussbaumtischchen-1.jpg 654w, https:\/\/johanneum.biz\/holzmanufaktur\/wp-content\/uploads\/sites\/2\/2023\/09\/Holzmanufaktur-Nussbaumtischchen-1-300x253.jpg 300w, https:\/\/johanneum.biz\/holzmanufaktur\/wp-content\/uploads\/sites\/2\/2023\/09\/Holzmanufaktur-Nussbaumtischchen-1-150x127.jpg 150w\" sizes=\"(max-width: 654px) 100vw, 654px\" \/><figcaption class=\"wp-element-caption\">Dieses Nussbaumtischchen fiel zuerst einem beherzten Heimwerker, der einen Fu\u00df durch einen rustikalen Buchefu\u00df ersetzte, zum Opfer\u2026<\/figcaption><\/figure><\/div><\/div>\n\n\n\n<div class=\"wp-block-column is-vertically-aligned-top is-layout-flow wp-block-column-is-layout-flow\" style=\"flex-basis:25%\"><div class=\"wp-block-image\">\n<figure class=\"aligncenter size-full is-resized\"><img loading=\"lazy\" decoding=\"async\" width=\"659\" height=\"901\" src=\"https:\/\/johanneum.biz\/holzmanufaktur\/wp-content\/uploads\/sites\/2\/2023\/09\/Holzmanufaktur-Nussbaumtischchen-3.jpg\" alt=\"\" class=\"wp-image-746\" style=\"width:auto;height:250px\" srcset=\"https:\/\/johanneum.biz\/holzmanufaktur\/wp-content\/uploads\/sites\/2\/2023\/09\/Holzmanufaktur-Nussbaumtischchen-3.jpg 659w, https:\/\/johanneum.biz\/holzmanufaktur\/wp-content\/uploads\/sites\/2\/2023\/09\/Holzmanufaktur-Nussbaumtischchen-3-219x300.jpg 219w, https:\/\/johanneum.biz\/holzmanufaktur\/wp-content\/uploads\/sites\/2\/2023\/09\/Holzmanufaktur-Nussbaumtischchen-3-110x150.jpg 110w\" sizes=\"(max-width: 659px) 100vw, 659px\" \/><figcaption class=\"wp-element-caption\">&#8230;danach einer Kerze.<br>Da das Furnier der Platte nicht mehr zu retten war&#8230;<\/figcaption><\/figure><\/div><\/div>\n\n\n\n<div class=\"wp-block-column is-layout-flow wp-block-column-is-layout-flow\" style=\"flex-basis:25%\"><div class=\"wp-block-image\">\n<figure class=\"aligncenter size-full is-resized\"><img loading=\"lazy\" decoding=\"async\" width=\"485\" height=\"682\" src=\"https:\/\/johanneum.biz\/holzmanufaktur\/wp-content\/uploads\/sites\/2\/2023\/09\/Holzmanufaktur-Nussbaumtischchen-2.jpg\" alt=\"\" class=\"wp-image-745\" style=\"object-fit:cover;width:178px;height:250px\" srcset=\"https:\/\/johanneum.biz\/holzmanufaktur\/wp-content\/uploads\/sites\/2\/2023\/09\/Holzmanufaktur-Nussbaumtischchen-2.jpg 485w, https:\/\/johanneum.biz\/holzmanufaktur\/wp-content\/uploads\/sites\/2\/2023\/09\/Holzmanufaktur-Nussbaumtischchen-2-213x300.jpg 213w, https:\/\/johanneum.biz\/holzmanufaktur\/wp-content\/uploads\/sites\/2\/2023\/09\/Holzmanufaktur-Nussbaumtischchen-2-107x150.jpg 107w\" sizes=\"(max-width: 485px) 100vw, 485px\" \/><figcaption class=\"wp-element-caption\">&#8230;habe ich neues Nussbaumfurnier gef\u00fcgt, mit Knochenleim die Platte furniert, geschliffen und zum Schluss die Oberfl\u00e4che per Handpolitur mit vielen Schichten Schellack veredelt.<\/figcaption><\/figure><\/div><\/div>\n\n\n\n<div class=\"wp-block-column is-layout-flow wp-block-column-is-layout-flow\" style=\"flex-basis:25%\"><div class=\"wp-block-image\">\n<figure class=\"aligncenter size-full is-resized\"><img loading=\"lazy\" decoding=\"async\" width=\"768\" height=\"768\" src=\"https:\/\/johanneum.biz\/holzmanufaktur\/wp-content\/uploads\/sites\/2\/2023\/09\/Holzmanufaktur-Nussbaumtischchen-5.jpg\" alt=\"\" class=\"wp-image-748\" style=\"width:auto;height:250px\" srcset=\"https:\/\/johanneum.biz\/holzmanufaktur\/wp-content\/uploads\/sites\/2\/2023\/09\/Holzmanufaktur-Nussbaumtischchen-5.jpg 768w, https:\/\/johanneum.biz\/holzmanufaktur\/wp-content\/uploads\/sites\/2\/2023\/09\/Holzmanufaktur-Nussbaumtischchen-5-300x300.jpg 300w, https:\/\/johanneum.biz\/holzmanufaktur\/wp-content\/uploads\/sites\/2\/2023\/09\/Holzmanufaktur-Nussbaumtischchen-5-150x150.jpg 150w\" sizes=\"(max-width: 768px) 100vw, 768px\" \/><figcaption class=\"wp-element-caption\">Den Buchefu\u00df habe ich durch einen neuen Nussbaumfu\u00df ersetzt.<\/figcaption><\/figure><\/div><\/div>\n<\/div>\n\n\n<div class=\"wp-block-image is-style-default\">\n<figure class=\"aligncenter is-resized\"><img loading=\"lazy\" decoding=\"async\" width=\"990\" height=\"768\" src=\"https:\/\/johanneum.biz\/holzmanufaktur\/wp-content\/uploads\/sites\/2\/2023\/09\/Holzmanufaktur-Nussbaumtischchen-6-1.jpg\" alt=\"\" class=\"wp-image-754\" style=\"width:auto;height:400px\" srcset=\"https:\/\/johanneum.biz\/holzmanufaktur\/wp-content\/uploads\/sites\/2\/2023\/09\/Holzmanufaktur-Nussbaumtischchen-6-1.jpg 990w, https:\/\/johanneum.biz\/holzmanufaktur\/wp-content\/uploads\/sites\/2\/2023\/09\/Holzmanufaktur-Nussbaumtischchen-6-1-300x233.jpg 300w, https:\/\/johanneum.biz\/holzmanufaktur\/wp-content\/uploads\/sites\/2\/2023\/09\/Holzmanufaktur-Nussbaumtischchen-6-1-768x596.jpg 768w, https:\/\/johanneum.biz\/holzmanufaktur\/wp-content\/uploads\/sites\/2\/2023\/09\/Holzmanufaktur-Nussbaumtischchen-6-1-150x116.jpg 150w\" sizes=\"(max-width: 990px) 100vw, 990px\" \/><figcaption class=\"wp-element-caption\">Nun erstrahlt es wieder in neuem Glanz.<\/figcaption><\/figure><\/div>\n\n\n<div style=\"height:30px\" aria-hidden=\"true\" class=\"wp-block-spacer\"><\/div>\n\n\n\n<hr class=\"wp-block-separator has-text-color has-alpha-channel-opacity has-background is-style-wide\" style=\"background-color:#cbbd85;color:#cbbd85\"\/>\n\n\n\n<p class=\"is-style-default has-white-color has-text-color has-background has-link-color has-barlow-font-family coblocks-animate has-custom-font has-custom-letterspacing wp-elements-7145c5b089cb4abb14f216ba3a0a7c1c\" style=\"background-color:#cbbd85;font-size:24px;font-family:Barlow;letter-spacing:1px\" data-coblocks-animation=\"zoomIn\">Handlauf<\/p>\n\n\n\n<p>Pfosten, Handlauf und Gel\u00e4ndersprossen einer Eichentreppe eines Fachwerkhauses mussten im Zuge der Haussanierung ausgebessert, erneuert, bzw. erg\u00e4nzt werden.<\/p>\n\n\n\n<div class=\"wp-block-columns is-layout-flex wp-container-core-columns-layout-11 wp-block-columns-is-layout-flex\">\n<div class=\"wp-block-column is-layout-flow wp-block-column-is-layout-flow\"><div class=\"wp-block-image\">\n<figure class=\"aligncenter size-large is-resized\"><img loading=\"lazy\" decoding=\"async\" width=\"708\" height=\"1024\" src=\"https:\/\/johanneum.biz\/holzmanufaktur\/wp-content\/uploads\/sites\/2\/2023\/09\/Johanneum-Holzmanufaktur-Treppe-unrestauriert-1-4-708x1024.jpg\" alt=\"\" class=\"wp-image-764\" style=\"width:auto;height:280px\" srcset=\"https:\/\/johanneum.biz\/holzmanufaktur\/wp-content\/uploads\/sites\/2\/2023\/09\/Johanneum-Holzmanufaktur-Treppe-unrestauriert-1-4-708x1024.jpg 708w, https:\/\/johanneum.biz\/holzmanufaktur\/wp-content\/uploads\/sites\/2\/2023\/09\/Johanneum-Holzmanufaktur-Treppe-unrestauriert-1-4-208x300.jpg 208w, https:\/\/johanneum.biz\/holzmanufaktur\/wp-content\/uploads\/sites\/2\/2023\/09\/Johanneum-Holzmanufaktur-Treppe-unrestauriert-1-4-768x1110.jpg 768w, https:\/\/johanneum.biz\/holzmanufaktur\/wp-content\/uploads\/sites\/2\/2023\/09\/Johanneum-Holzmanufaktur-Treppe-unrestauriert-1-4-104x150.jpg 104w, https:\/\/johanneum.biz\/holzmanufaktur\/wp-content\/uploads\/sites\/2\/2023\/09\/Johanneum-Holzmanufaktur-Treppe-unrestauriert-1-4.jpg 1035w\" sizes=\"(max-width: 708px) 100vw, 708px\" \/><figcaption class=\"wp-element-caption\">Unschwer zu erkennen, der unrestaurierte Zustand. <\/figcaption><\/figure><\/div><\/div>\n\n\n\n<div class=\"wp-block-column is-layout-flow wp-block-column-is-layout-flow\"><div class=\"wp-block-image\">\n<figure class=\"aligncenter size-large is-resized\"><img loading=\"lazy\" decoding=\"async\" width=\"708\" height=\"1024\" src=\"https:\/\/johanneum.biz\/holzmanufaktur\/wp-content\/uploads\/sites\/2\/2023\/09\/Johanneum-Holzmanufaktur-Treppe-unrestauriert-1-3-708x1024.jpg\" alt=\"\" class=\"wp-image-763\" style=\"width:auto;height:280px\" srcset=\"https:\/\/johanneum.biz\/holzmanufaktur\/wp-content\/uploads\/sites\/2\/2023\/09\/Johanneum-Holzmanufaktur-Treppe-unrestauriert-1-3-708x1024.jpg 708w, https:\/\/johanneum.biz\/holzmanufaktur\/wp-content\/uploads\/sites\/2\/2023\/09\/Johanneum-Holzmanufaktur-Treppe-unrestauriert-1-3-208x300.jpg 208w, https:\/\/johanneum.biz\/holzmanufaktur\/wp-content\/uploads\/sites\/2\/2023\/09\/Johanneum-Holzmanufaktur-Treppe-unrestauriert-1-3-768x1110.jpg 768w, https:\/\/johanneum.biz\/holzmanufaktur\/wp-content\/uploads\/sites\/2\/2023\/09\/Johanneum-Holzmanufaktur-Treppe-unrestauriert-1-3-104x150.jpg 104w, https:\/\/johanneum.biz\/holzmanufaktur\/wp-content\/uploads\/sites\/2\/2023\/09\/Johanneum-Holzmanufaktur-Treppe-unrestauriert-1-3.jpg 1035w\" sizes=\"(max-width: 708px) 100vw, 708px\" \/><figcaption class=\"wp-element-caption\">Holzw\u00fcrmer k\u00e4mpften sich im Laufe der Jahrzehnte tapfer und erfolgreich durch die zwei Geschmacksrichtungen Eiche und Fichte.<\/figcaption><\/figure><\/div><\/div>\n\n\n\n<div class=\"wp-block-column is-layout-flow wp-block-column-is-layout-flow\"><div class=\"wp-block-image\">\n<figure class=\"aligncenter size-large is-resized\"><img loading=\"lazy\" decoding=\"async\" width=\"614\" height=\"1024\" src=\"https:\/\/johanneum.biz\/holzmanufaktur\/wp-content\/uploads\/sites\/2\/2023\/09\/Johanneum-Holzmanufaktur-Treppe-restauriert-1-2-614x1024.jpg\" alt=\"\" class=\"wp-image-762\" style=\"object-fit:cover;width:139px;height:280px\" srcset=\"https:\/\/johanneum.biz\/holzmanufaktur\/wp-content\/uploads\/sites\/2\/2023\/09\/Johanneum-Holzmanufaktur-Treppe-restauriert-1-2-614x1024.jpg 614w, https:\/\/johanneum.biz\/holzmanufaktur\/wp-content\/uploads\/sites\/2\/2023\/09\/Johanneum-Holzmanufaktur-Treppe-restauriert-1-2-180x300.jpg 180w, https:\/\/johanneum.biz\/holzmanufaktur\/wp-content\/uploads\/sites\/2\/2023\/09\/Johanneum-Holzmanufaktur-Treppe-restauriert-1-2-90x150.jpg 90w, https:\/\/johanneum.biz\/holzmanufaktur\/wp-content\/uploads\/sites\/2\/2023\/09\/Johanneum-Holzmanufaktur-Treppe-restauriert-1-2.jpg 732w\" sizes=\"(max-width: 614px) 100vw, 614px\" \/><figcaption class=\"wp-element-caption\">Der Eichepfosten war noch zu retten&#8230;<\/figcaption><\/figure><\/div><\/div>\n\n\n\n<div class=\"wp-block-column is-layout-flow wp-block-column-is-layout-flow\"><div class=\"wp-block-image\">\n<figure class=\"aligncenter size-full is-resized\"><img loading=\"lazy\" decoding=\"async\" width=\"587\" height=\"979\" src=\"https:\/\/johanneum.biz\/holzmanufaktur\/wp-content\/uploads\/sites\/2\/2023\/09\/Johanneum-Holzmanufaktur-Treppe-restauriert-1-1.jpg\" alt=\"\" class=\"wp-image-761\" style=\"object-fit:cover;width:139px;height:280px\" srcset=\"https:\/\/johanneum.biz\/holzmanufaktur\/wp-content\/uploads\/sites\/2\/2023\/09\/Johanneum-Holzmanufaktur-Treppe-restauriert-1-1.jpg 587w, https:\/\/johanneum.biz\/holzmanufaktur\/wp-content\/uploads\/sites\/2\/2023\/09\/Johanneum-Holzmanufaktur-Treppe-restauriert-1-1-180x300.jpg 180w, https:\/\/johanneum.biz\/holzmanufaktur\/wp-content\/uploads\/sites\/2\/2023\/09\/Johanneum-Holzmanufaktur-Treppe-restauriert-1-1-90x150.jpg 90w\" sizes=\"(max-width: 587px) 100vw, 587px\" \/><figcaption class=\"wp-element-caption\">&#8230;fehlende Stacheten habe ich ersetzt&#8230;<\/figcaption><\/figure><\/div><\/div>\n\n\n\n<div class=\"wp-block-column is-layout-flow wp-block-column-is-layout-flow\"><div class=\"wp-block-image\">\n<figure class=\"aligncenter size-large is-resized\"><img loading=\"lazy\" decoding=\"async\" width=\"300\" height=\"1024\" src=\"https:\/\/johanneum.biz\/holzmanufaktur\/wp-content\/uploads\/sites\/2\/2023\/09\/Holzmanufaktur-Handlauf-alt-Neu-1-300x1024.jpg\" alt=\"\" class=\"wp-image-765\" style=\"object-fit:cover;width:67px;height:280px\" srcset=\"https:\/\/johanneum.biz\/holzmanufaktur\/wp-content\/uploads\/sites\/2\/2023\/09\/Holzmanufaktur-Handlauf-alt-Neu-1-300x1024.jpg 300w, https:\/\/johanneum.biz\/holzmanufaktur\/wp-content\/uploads\/sites\/2\/2023\/09\/Holzmanufaktur-Handlauf-alt-Neu-1-88x300.jpg 88w, https:\/\/johanneum.biz\/holzmanufaktur\/wp-content\/uploads\/sites\/2\/2023\/09\/Holzmanufaktur-Handlauf-alt-Neu-1-450x1536.jpg 450w, https:\/\/johanneum.biz\/holzmanufaktur\/wp-content\/uploads\/sites\/2\/2023\/09\/Holzmanufaktur-Handlauf-alt-Neu-1-44x150.jpg 44w, https:\/\/johanneum.biz\/holzmanufaktur\/wp-content\/uploads\/sites\/2\/2023\/09\/Holzmanufaktur-Handlauf-alt-Neu-1-rotated.jpg 600w\" sizes=\"(max-width: 300px) 100vw, 300px\" \/><figcaption class=\"wp-element-caption\">&#8230;und den nicht mehr zu rettenden Handlauf erneuert.<\/figcaption><\/figure><\/div><\/div>\n<\/div>\n\n\n\n<div style=\"height:30px\" aria-hidden=\"true\" class=\"wp-block-spacer\"><\/div>\n\n\n\n<hr class=\"wp-block-separator has-text-color has-alpha-channel-opacity has-background is-style-wide\" style=\"background-color:#cbbd85;color:#cbbd85\"\/>\n\n\n\n<p class=\"is-style-default has-white-color has-text-color has-background has-link-color has-barlow-font-family coblocks-animate has-custom-font has-custom-letterspacing wp-elements-14103c7f4b555ea4e714ad78cc1829ad\" style=\"background-color:#cbbd85;font-size:24px;font-family:Barlow;letter-spacing:1px\" data-coblocks-animation=\"zoomIn\">Tisch aus Weichholz und Eiche<\/p>\n\n\n\n<div class=\"wp-block-columns is-layout-flex wp-container-core-columns-layout-12 wp-block-columns-is-layout-flex\">\n<div class=\"wp-block-column is-layout-flow wp-block-column-is-layout-flow\"><div class=\"wp-block-image\">\n<figure class=\"aligncenter size-full is-resized\"><img loading=\"lazy\" decoding=\"async\" width=\"768\" height=\"1103\" src=\"https:\/\/johanneum.biz\/holzmanufaktur\/wp-content\/uploads\/sites\/2\/2023\/09\/Holzmanufaktur-Tisch-WeichholzEiche-1.jpg\" alt=\"\" class=\"wp-image-772\" style=\"width:auto;height:500px\" srcset=\"https:\/\/johanneum.biz\/holzmanufaktur\/wp-content\/uploads\/sites\/2\/2023\/09\/Holzmanufaktur-Tisch-WeichholzEiche-1.jpg 768w, https:\/\/johanneum.biz\/holzmanufaktur\/wp-content\/uploads\/sites\/2\/2023\/09\/Holzmanufaktur-Tisch-WeichholzEiche-1-209x300.jpg 209w, https:\/\/johanneum.biz\/holzmanufaktur\/wp-content\/uploads\/sites\/2\/2023\/09\/Holzmanufaktur-Tisch-WeichholzEiche-1-713x1024.jpg 713w, https:\/\/johanneum.biz\/holzmanufaktur\/wp-content\/uploads\/sites\/2\/2023\/09\/Holzmanufaktur-Tisch-WeichholzEiche-1-104x150.jpg 104w\" sizes=\"(max-width: 768px) 100vw, 768px\" \/><figcaption class=\"wp-element-caption\"><em>Zeit und Nutzung hinterlie\u00dfen ihre<\/em><br><em>&#8211; teilweise nicht erkl\u00e4rbaren &#8211;<br>Spuren.<\/em><\/figcaption><\/figure><\/div><\/div>\n\n\n\n<div class=\"wp-block-column is-layout-flow wp-block-column-is-layout-flow\"><div class=\"wp-block-image\">\n<figure class=\"aligncenter size-full is-resized\"><img loading=\"lazy\" decoding=\"async\" width=\"768\" height=\"1366\" src=\"https:\/\/johanneum.biz\/holzmanufaktur\/wp-content\/uploads\/sites\/2\/2023\/09\/Holzmanufaktur-Tisch-WeichholzEiche-2.jpg\" alt=\"\" class=\"wp-image-773\" style=\"width:auto;height:500px\" srcset=\"https:\/\/johanneum.biz\/holzmanufaktur\/wp-content\/uploads\/sites\/2\/2023\/09\/Holzmanufaktur-Tisch-WeichholzEiche-2.jpg 768w, https:\/\/johanneum.biz\/holzmanufaktur\/wp-content\/uploads\/sites\/2\/2023\/09\/Holzmanufaktur-Tisch-WeichholzEiche-2-169x300.jpg 169w, https:\/\/johanneum.biz\/holzmanufaktur\/wp-content\/uploads\/sites\/2\/2023\/09\/Holzmanufaktur-Tisch-WeichholzEiche-2-576x1024.jpg 576w, https:\/\/johanneum.biz\/holzmanufaktur\/wp-content\/uploads\/sites\/2\/2023\/09\/Holzmanufaktur-Tisch-WeichholzEiche-2-84x150.jpg 84w\" sizes=\"(max-width: 768px) 100vw, 768px\" \/><figcaption class=\"wp-element-caption\"><em>Liebevoll restauriert, l\u00e4dt er nun wieder ein, neue Handschriften zu hinterlassen&#8230;<\/em><\/figcaption><\/figure><\/div><\/div>\n<\/div>\n\n\n\n<div style=\"height:30px\" aria-hidden=\"true\" class=\"wp-block-spacer\"><\/div>\n\n\n\n<hr class=\"wp-block-separator has-text-color has-alpha-channel-opacity has-background is-style-wide\" style=\"background-color:#cbbd85;color:#cbbd85\"\/>\n\n\n\n<p class=\"is-style-default has-white-color has-text-color has-background has-link-color has-barlow-font-family coblocks-animate has-custom-font has-custom-letterspacing wp-elements-a5654cb90c03e70de31c05f77930d94a\" style=\"background-color:#cbbd85;font-size:24px;font-family:Barlow;letter-spacing:1px\" data-coblocks-animation=\"zoomIn\">Haust\u00fcren<\/p>\n\n\n\n<div class=\"wp-block-columns is-layout-flex wp-container-core-columns-layout-13 wp-block-columns-is-layout-flex\">\n<div class=\"wp-block-column is-layout-flow wp-block-column-is-layout-flow\"><div class=\"wp-block-image\">\n<figure class=\"aligncenter size-full is-resized\"><img loading=\"lazy\" decoding=\"async\" width=\"1200\" height=\"1200\" src=\"https:\/\/johanneum.biz\/holzmanufaktur\/wp-content\/uploads\/sites\/2\/2023\/10\/K1600_20231017_183542.jpg\" alt=\"\" class=\"wp-image-820\" style=\"width:auto;height:400px\" srcset=\"https:\/\/johanneum.biz\/holzmanufaktur\/wp-content\/uploads\/sites\/2\/2023\/10\/K1600_20231017_183542.jpg 1200w, https:\/\/johanneum.biz\/holzmanufaktur\/wp-content\/uploads\/sites\/2\/2023\/10\/K1600_20231017_183542-300x300.jpg 300w, https:\/\/johanneum.biz\/holzmanufaktur\/wp-content\/uploads\/sites\/2\/2023\/10\/K1600_20231017_183542-1024x1024.jpg 1024w, https:\/\/johanneum.biz\/holzmanufaktur\/wp-content\/uploads\/sites\/2\/2023\/10\/K1600_20231017_183542-150x150.jpg 150w, https:\/\/johanneum.biz\/holzmanufaktur\/wp-content\/uploads\/sites\/2\/2023\/10\/K1600_20231017_183542-768x768.jpg 768w\" sizes=\"(max-width: 1200px) 100vw, 1200px\" \/><figcaption class=\"wp-element-caption\">&#8230; aus Meranti &#8211; vorher\/nachher &#8230;<\/figcaption><\/figure><\/div><\/div>\n\n\n\n<div class=\"wp-block-column is-layout-flow wp-block-column-is-layout-flow\"><div class=\"wp-block-image\">\n<figure class=\"aligncenter size-full is-resized\"><img loading=\"lazy\" decoding=\"async\" width=\"1200\" height=\"1200\" src=\"https:\/\/johanneum.biz\/holzmanufaktur\/wp-content\/uploads\/sites\/2\/2023\/10\/K1600_20231017_183721.jpg\" alt=\"\" class=\"wp-image-821\" style=\"width:auto;height:400px\" srcset=\"https:\/\/johanneum.biz\/holzmanufaktur\/wp-content\/uploads\/sites\/2\/2023\/10\/K1600_20231017_183721.jpg 1200w, https:\/\/johanneum.biz\/holzmanufaktur\/wp-content\/uploads\/sites\/2\/2023\/10\/K1600_20231017_183721-300x300.jpg 300w, https:\/\/johanneum.biz\/holzmanufaktur\/wp-content\/uploads\/sites\/2\/2023\/10\/K1600_20231017_183721-1024x1024.jpg 1024w, https:\/\/johanneum.biz\/holzmanufaktur\/wp-content\/uploads\/sites\/2\/2023\/10\/K1600_20231017_183721-150x150.jpg 150w, https:\/\/johanneum.biz\/holzmanufaktur\/wp-content\/uploads\/sites\/2\/2023\/10\/K1600_20231017_183721-768x768.jpg 768w\" sizes=\"(max-width: 1200px) 100vw, 1200px\" \/><figcaption class=\"wp-element-caption\"><em>&#8230; und aus Douglasie\/Ahorn &#8211; vorher\/nachher<\/em><\/figcaption><\/figure><\/div><\/div>\n<\/div>\n\n\n\n<div style=\"height:30px\" aria-hidden=\"true\" class=\"wp-block-spacer\"><\/div>\n\n\n\n<hr class=\"wp-block-separator has-text-color has-alpha-channel-opacity has-background is-style-wide\" style=\"background-color:#cbbd85;color:#cbbd85\"\/>\n\n\n\n<p class=\"is-style-default has-white-color has-text-color has-background has-link-color has-barlow-font-family coblocks-animate has-custom-font has-custom-letterspacing wp-elements-27cc14d05e32c301544be19b2d98abb8\" style=\"background-color:#cbbd85;font-size:24px;font-family:Barlow;letter-spacing:1px\" data-coblocks-animation=\"zoomIn\">&#8230;und noch ein paar Impressionen<\/p>\n\n\n\n<div class=\"wp-block-columns is-layout-flex wp-container-core-columns-layout-14 wp-block-columns-is-layout-flex\">\n<div class=\"wp-block-column is-layout-flow wp-block-column-is-layout-flow\">\n<figure class=\"wp-block-gallery alignfull has-nested-images columns-4 has-lightbox wp-block-gallery-1 is-layout-flex wp-block-gallery-is-layout-flex\">\n<figure class=\"wp-block-image size-large\"><img loading=\"lazy\" decoding=\"async\" width=\"766\" height=\"1024\" src=\"https:\/\/johanneum.biz\/holzmanufaktur\/wp-content\/uploads\/sites\/2\/2023\/10\/Johanneum-Holzmanufaktur-Gotischer-Spaltschrank-766x1024.jpg\" alt=\"\" class=\"wp-image-825\" srcset=\"https:\/\/johanneum.biz\/holzmanufaktur\/wp-content\/uploads\/sites\/2\/2023\/10\/Johanneum-Holzmanufaktur-Gotischer-Spaltschrank-766x1024.jpg 766w, https:\/\/johanneum.biz\/holzmanufaktur\/wp-content\/uploads\/sites\/2\/2023\/10\/Johanneum-Holzmanufaktur-Gotischer-Spaltschrank-224x300.jpg 224w, https:\/\/johanneum.biz\/holzmanufaktur\/wp-content\/uploads\/sites\/2\/2023\/10\/Johanneum-Holzmanufaktur-Gotischer-Spaltschrank-768x1027.jpg 768w, https:\/\/johanneum.biz\/holzmanufaktur\/wp-content\/uploads\/sites\/2\/2023\/10\/Johanneum-Holzmanufaktur-Gotischer-Spaltschrank-112x150.jpg 112w, https:\/\/johanneum.biz\/holzmanufaktur\/wp-content\/uploads\/sites\/2\/2023\/10\/Johanneum-Holzmanufaktur-Gotischer-Spaltschrank.jpg 924w\" sizes=\"(max-width: 766px) 100vw, 766px\" \/><\/figure>\n\n\n\n<figure class=\"wp-block-image size-full\"><img loading=\"lazy\" decoding=\"async\" width=\"1032\" height=\"975\" src=\"https:\/\/johanneum.biz\/holzmanufaktur\/wp-content\/uploads\/sites\/2\/2023\/10\/Johanneum-Holzmanufaktur-Biedermeier-Kommode-3.jpg\" alt=\"\" class=\"wp-image-826\" srcset=\"https:\/\/johanneum.biz\/holzmanufaktur\/wp-content\/uploads\/sites\/2\/2023\/10\/Johanneum-Holzmanufaktur-Biedermeier-Kommode-3.jpg 1032w, https:\/\/johanneum.biz\/holzmanufaktur\/wp-content\/uploads\/sites\/2\/2023\/10\/Johanneum-Holzmanufaktur-Biedermeier-Kommode-3-300x283.jpg 300w, https:\/\/johanneum.biz\/holzmanufaktur\/wp-content\/uploads\/sites\/2\/2023\/10\/Johanneum-Holzmanufaktur-Biedermeier-Kommode-3-1024x967.jpg 1024w, https:\/\/johanneum.biz\/holzmanufaktur\/wp-content\/uploads\/sites\/2\/2023\/10\/Johanneum-Holzmanufaktur-Biedermeier-Kommode-3-768x726.jpg 768w, https:\/\/johanneum.biz\/holzmanufaktur\/wp-content\/uploads\/sites\/2\/2023\/10\/Johanneum-Holzmanufaktur-Biedermeier-Kommode-3-150x142.jpg 150w\" sizes=\"(max-width: 1032px) 100vw, 1032px\" \/><\/figure>\n\n\n\n<figure class=\"wp-block-image size-large\"><img loading=\"lazy\" decoding=\"async\" width=\"237\" height=\"439\" src=\"https:\/\/johanneum.biz\/holzmanufaktur\/wp-content\/uploads\/sites\/2\/2023\/10\/Johanneum-Holzmanufaktur-Biedermeier-Schrank.jpg\" alt=\"\" class=\"wp-image-827\" srcset=\"https:\/\/johanneum.biz\/holzmanufaktur\/wp-content\/uploads\/sites\/2\/2023\/10\/Johanneum-Holzmanufaktur-Biedermeier-Schrank.jpg 237w, https:\/\/johanneum.biz\/holzmanufaktur\/wp-content\/uploads\/sites\/2\/2023\/10\/Johanneum-Holzmanufaktur-Biedermeier-Schrank-162x300.jpg 162w, https:\/\/johanneum.biz\/holzmanufaktur\/wp-content\/uploads\/sites\/2\/2023\/10\/Johanneum-Holzmanufaktur-Biedermeier-Schrank-81x150.jpg 81w\" sizes=\"(max-width: 237px) 100vw, 237px\" \/><\/figure>\n\n\n\n<figure class=\"wp-block-image size-full\"><img loading=\"lazy\" decoding=\"async\" width=\"265\" height=\"212\" src=\"https:\/\/johanneum.biz\/holzmanufaktur\/wp-content\/uploads\/sites\/2\/2023\/10\/2005-02-18-Schaukelpferd-Haendel-1.jpg\" alt=\"\" class=\"wp-image-824\" srcset=\"https:\/\/johanneum.biz\/holzmanufaktur\/wp-content\/uploads\/sites\/2\/2023\/10\/2005-02-18-Schaukelpferd-Haendel-1.jpg 265w, https:\/\/johanneum.biz\/holzmanufaktur\/wp-content\/uploads\/sites\/2\/2023\/10\/2005-02-18-Schaukelpferd-Haendel-1-150x120.jpg 150w\" sizes=\"(max-width: 265px) 100vw, 265px\" \/><\/figure>\n<\/figure>\n<\/div>\n<\/div>\n\n\n\n<div style=\"height:20px\" aria-hidden=\"true\" class=\"wp-block-spacer\"><\/div>\n\n\n\n<p><em><mark style=\"background-color:rgba(0, 0, 0, 0);color:#827d6a\" class=\"has-inline-color\"><a href=\"https:\/\/johanneum.biz\/holzmanufaktur\/holzstelen-grabmale\/\" data-type=\"link\" data-id=\"https:\/\/johanneum.biz\/holzmanufaktur\/holzstelen-grabmale\/\">Weiter zu einem Thema, das uns irgendwann alle einmal (be)treffen wird&#8230;<\/a><\/mark><\/em><\/p>\n","protected":false},"excerpt":{"rendered":"<p>Kutschbock Ein alter Kutschbock, der nach umfassender Restaurierung\u2026 \u2026als H\u00e4ngeschaukel Klein &amp; Gro\u00df erfreut. Nussbaumtisch Eichenbuffet Dieses Eichenbuffet wirkt nach der &#8222;Sch\u00f6nheitskur&#8220; wieder frisch und freundlich. Doppelfl\u00fcgliche Eichent\u00fcr Als in den 1980er Jahren die doppelfl\u00fcgliche T\u00fcr des Weinguts Lutz renoviert werden sollte, kam der beauftragte Maler zum Schluss, dass das&#8230;<\/p>\n<p> <a class=\"continue-reading-link\" href=\"https:\/\/johanneum.biz\/holzmanufaktur\/restaurierung\/\"><span>&#8230;weiterlesen<\/span><i class=\"crycon-right-dir\"><\/i><\/a> <\/p>\n","protected":false},"author":1,"featured_media":0,"parent":0,"menu_order":4,"comment_status":"closed","ping_status":"closed","template":"","meta":{"_coblocks_attr":"","_coblocks_dimensions":"","_coblocks_responsive_height":"","_coblocks_accordion_ie_support":"","footnotes":""},"_links":{"self":[{"href":"https:\/\/johanneum.biz\/holzmanufaktur\/wp-json\/wp\/v2\/pages\/79"}],"collection":[{"href":"https:\/\/johanneum.biz\/holzmanufaktur\/wp-json\/wp\/v2\/pages"}],"about":[{"href":"https:\/\/johanneum.biz\/holzmanufaktur\/wp-json\/wp\/v2\/types\/page"}],"author":[{"embeddable":true,"href":"https:\/\/johanneum.biz\/holzmanufaktur\/wp-json\/wp\/v2\/users\/1"}],"replies":[{"embeddable":true,"href":"https:\/\/johanneum.biz\/holzmanufaktur\/wp-json\/wp\/v2\/comments?post=79"}],"version-history":[{"count":68,"href":"https:\/\/johanneum.biz\/holzmanufaktur\/wp-json\/wp\/v2\/pages\/79\/revisions"}],"predecessor-version":[{"id":842,"href":"https:\/\/johanneum.biz\/holzmanufaktur\/wp-json\/wp\/v2\/pages\/79\/revisions\/842"}],"wp:attachment":[{"href":"https:\/\/johanneum.biz\/holzmanufaktur\/wp-json\/wp\/v2\/media?parent=79"}],"curies":[{"name":"wp","href":"https:\/\/api.w.org\/{rel}","templated":true}]}}